{"id":6351,"date":"2025-06-22T11:15:58","date_gmt":"2021-03-09T09:03:37","guid":{"rendered":"https:\/\/www.inovatifgitarprojeleri.com\/about-us-3\/"},"modified":"2025-07-13T19:11:22","modified_gmt":"2025-07-13T19:11:22","slug":"hakkimizda3","status":"publish","type":"page","link":"http:\/\/www.inovatifgitarprojeleri.com\/tr\/hakkimizda3\/","title":{"rendered":"Hakk\u0131m\u0131zda"},"content":{"rendered":"\t\t<div data-elementor-type=\"wp-page\" data-elementor-id=\"6351\" class=\"elementor elementor-6351\" data-elementor-post-type=\"page\">\n\t\t\t\t<div class=\"elementor-element elementor-element-7da2be5b e-flex e-con-boxed e-con e-parent\" data-id=\"7da2be5b\" data-element_type=\"container\">\n\t\t\t\t\t<div class=\"e-con-inner\">\n\t\t\t\t<div class=\"elementor-element elementor-element-4a0a7567 elementor-widget elementor-widget-text-editor\" data-id=\"4a0a7567\" data-element_type=\"widget\" data-widget_type=\"text-editor.default\">\n\t\t\t\t<div class=\"elementor-widget-container\">\n\t\t\t<style>\/*! elementor - v3.23.0 - 25-07-2024 *\/\n.elementor-widget-text-editor.elementor-drop-cap-view-stacked .elementor-drop-cap{background-color:#69727d;color:#fff}.elementor-widget-text-editor.elementor-drop-cap-view-framed .elementor-drop-cap{color:#69727d;border:3px solid;background-color:transparent}.elementor-widget-text-editor:not(.elementor-drop-cap-view-default) .elementor-drop-cap{margin-top:8px}.elementor-widget-text-editor:not(.elementor-drop-cap-view-default) .elementor-drop-cap-letter{width:1em;height:1em}.elementor-widget-text-editor .elementor-drop-cap{float:left;text-align:center;line-height:1;font-size:50px}.elementor-widget-text-editor .elementor-drop-cap-letter{display:inline-block}<\/style>\t\t\t\t<p>Her \u015fey, &#8220;gitarla ilgili evrensel d\u00fczeyde herkesin ula\u015fabilece\u011fi bir a\u011f kurmak m\u00fcmk\u00fcn m\u00fcd\u00fcr?&#8221; sorusu ile ba\u015flad\u0131. Bu sorudan yola \u00e7\u0131karak, e\u011fitim alan\u0131ndaki m\u00fczik ara\u015ft\u0131rmac\u0131lar\u0131 ve akademisyenler ile ileti\u015fim ve teknoloji alan\u0131ndaki uzmanlardan olu\u015fan, a\u011f\u0131rl\u0131kl\u0131 olarak \u00fclkemiz akademik gitar alan\u0131n\u0131 temsil ederek gitar ortak paydas\u0131nda bulu\u015fan bizler; \u00e7alg\u0131 ile ilgili her t\u00fcrl\u00fc bilgiye herkesin ula\u015fabilece\u011fi bir platform olu\u015fturma amac\u0131yla bu sorumlulu\u011fu kendimizde hissederek harekete ge\u00e7tik.<\/p><p>2020 y\u0131l\u0131nda Uluslararas\u0131 Gitar Platformu \u00e7at\u0131s\u0131 alt\u0131nda ba\u015flatt\u0131\u011f\u0131m\u0131z \u00e7al\u0131\u015fmalar\u0131m\u0131za, 200\u2019\u00fcn \u00fczerinde gitar sanat\u00e7\u0131s\u0131, akademisyen, e\u011fitim kurumu y\u00f6neticisi ve gitar severlerle ger\u00e7ekle\u015ftirdi\u011fimiz toplant\u0131 ve g\u00f6r\u00fc\u015f al\u0131\u015fveri\u015fi sonras\u0131 bir sivil toplum kurulu\u015fu olma karar\u0131 alarak 2023 y\u0131l\u0131nda hayata ge\u00e7irdi\u011fimiz \u0130novatif Gitar Projeleri Derne\u011fi \u00e7at\u0131s\u0131 alt\u0131nda devam etmekteyiz.<\/p><p>Derne\u011fimizin gitar ile ilgilenen herkese a\u00e7\u0131k olmas\u0131n\u0131 planlad\u0131k ve bu olu\u015fum etraf\u0131nda bizlere dokunan t\u00fcm gitar severler ile beraber bir a\u011f kurmay\u0131 ve b\u00f6ylelikle herkesin ziyaret edebilece\u011fi, her t\u00fcrl\u00fc yenili\u011fi, nitelikli bilgiyi zaman ve mek\u00e2n s\u0131n\u0131r\u0131 olmadan h\u0131zl\u0131ca payla\u015fabilece\u011fi bir zemin olu\u015fturmay\u0131 hedefledik. Bu hedef do\u011frultusunda sizlere, geleneksel topluluk \u00e7al\u0131\u015fmalar\u0131n\u0131n yan\u0131 s\u0131ra de\u011fi\u015fen d\u00fcnyaya ba\u011fl\u0131 olarak dijital ortamda gitar ile ilgili zengin i\u00e7erik ve teknoloji destekli hizmetlerden de olu\u015fan bir a\u011f sunuyoruz.<\/p><p>Derne\u011fimiz \u00e7at\u0131s\u0131 alt\u0131nda gitar ile ilgili t\u00fcm payda\u015flar\u0131 bulu\u015fturmak, tan\u0131\u015ft\u0131rmak ve gitar ile ilgili her t\u00fcrl\u00fc s\u00fcrecinizi tek bir noktadan y\u00f6netmemize olanak tan\u0131mak iste\u011fimizdir. T\u00fcm d\u00fcnyadaki g\u00f6n\u00fcll\u00fclere, amat\u00f6r ve profesyonel m\u00fczisyenlere, e\u011fitimcilere, \u00f6\u011fretmenlere, kurum ve kurulu\u015flara ileti\u015fim kap\u0131m\u0131z a\u00e7\u0131kt\u0131r. \u0130novatif Gitar Projeleri Derne\u011fi \u00fcyesi olarak \u00fclkemizde ve d\u00fcnyada gitar\u0131 bir \u00e7at\u0131 alt\u0131nda toplama ve \u00e7alg\u0131n\u0131n performans ve e\u011fitim alanlar\u0131n\u0131 yak\u0131nla\u015ft\u0131rmada yapaca\u011f\u0131n\u0131z katk\u0131 ve \u00f6neriler dernek \u00e7al\u0131\u015fmalar\u0131m\u0131z\u0131n verimini art\u0131racakt\u0131r.<\/p><p><!-- \/wp:paragraph --><\/p>\t\t\t\t\t\t<\/div>\n\t\t\t\t<\/div>\n\t\t\t\t\t<\/div>\n\t\t\t\t<\/div>\n\t\t\t\t<\/div>\n\t\t","protected":false},"excerpt":{"rendered":"<p>Her \u015fey, &#8220;gitarla ilgili evrensel d\u00fczeyde herkesin ula\u015fabilece\u011fi bir a\u011f kurmak m\u00fcmk\u00fcn m\u00fcd\u00fcr?&#8221; sorusu ile [&hellip;]<\/p>\n","protected":false},"author":1,"featured_media":0,"parent":0,"menu_order":0,"comment_status":"closed","ping_status":"closed","template":"","meta":{"_acf_changed":false,"footnotes":""},"class_list":["post-6351","page","type-page","status-publish","hentry"],"acf":[],"_links":{"self":[{"href":"http:\/\/www.inovatifgitarprojeleri.com\/tr\/wp-json\/wp\/v2\/pages\/6351","targetHints":{"allow":["GET"]}}],"collection":[{"href":"http:\/\/www.inovatifgitarprojeleri.com\/tr\/wp-json\/wp\/v2\/pages"}],"about":[{"href":"http:\/\/www.inovatifgitarprojeleri.com\/tr\/wp-json\/wp\/v2\/types\/page"}],"author":[{"embeddable":true,"href":"http:\/\/www.inovatifgitarprojeleri.com\/tr\/wp-json\/wp\/v2\/users\/1"}],"replies":[{"embeddable":true,"href":"http:\/\/www.inovatifgitarprojeleri.com\/tr\/wp-json\/wp\/v2\/comments?post=6351"}],"version-history":[{"count":18,"href":"http:\/\/www.inovatifgitarprojeleri.com\/tr\/wp-json\/wp\/v2\/pages\/6351\/revisions"}],"predecessor-version":[{"id":8778,"href":"http:\/\/www.inovatifgitarprojeleri.com\/tr\/wp-json\/wp\/v2\/pages\/6351\/revisions\/8778"}],"wp:attachment":[{"href":"http:\/\/www.inovatifgitarprojeleri.com\/tr\/wp-json\/wp\/v2\/media?parent=6351"}],"curies":[{"name":"wp","href":"https:\/\/api.w.org\/{rel}","templated":true}]}}